{"id":5294,"date":"2017-11-13T18:33:25","date_gmt":"2017-11-13T16:33:25","guid":{"rendered":"http:\/\/www.julius-pfalz.de\/wp\/?page_id=5294"},"modified":"2025-01-15T19:14:29","modified_gmt":"2025-01-15T17:14:29","slug":"studio","status":"publish","type":"page","link":"https:\/\/www.julius-pfalz.de\/?page_id=5294","title":{"rendered":"Studio"},"content":{"rendered":"<p><span style=\"color: #000000;\"><strong>JULIUS in der PFALZ verf\u00fcgt \u00fcber 3 Hotelzimmer, 4 Appartements und &#8211; als Top-Appartement &#8211;\u00a0 unser &#8222;Studio&#8220;.<\/strong><\/span><\/p>\n<hr \/>\n<p><span style=\"color: #000000;\"><strong>Appartement \u201e8\u201c- Studio (61 <\/strong>m<sup>2<\/sup><\/span><strong><span style=\"color: #000000;\">)<\/span><\/strong><\/p>\n<p><a href=\"https:\/\/www.julius-pfalz.de\/wp-content\/uploads\/2016\/12\/app8_wohnen.png\"><img decoding=\"async\" loading=\"lazy\" class=\"alignright wp-image-5165 size-medium\" src=\"https:\/\/www.julius-pfalz.de\/wp-content\/uploads\/2016\/12\/app8_wohnen-300x189.png\" alt=\"App. 8: wohnen\" width=\"300\" height=\"189\" srcset=\"https:\/\/www.julius-pfalz.de\/wp-content\/uploads\/2016\/12\/app8_wohnen-300x189.png 300w, https:\/\/www.julius-pfalz.de\/wp-content\/uploads\/2016\/12\/app8_wohnen-476x300.png 476w, https:\/\/www.julius-pfalz.de\/wp-content\/uploads\/2016\/12\/app8_wohnen.png 709w\" sizes=\"(max-width: 300px) 100vw, 300px\" \/><\/a><strong>Lage:<\/strong> im 1. OG \u00fcber Laden und Kochwerkstatt (dem Winzerhaus gegen\u00fcber)<\/p>\n<p><strong>Ausstattung:<\/strong><\/p>\n<ul>\n<li><strong>Wohnbereich: <\/strong>(Schlaf-)Sofa und zwei Sessel mit separatem Fu\u00dfteil, wertvolle Orientteppiche auf dem Parkett;<\/li>\n<li><strong>K\u00fcchenbereich: <\/strong>ma\u00dfgefertigte,<strong>\u00a0<\/strong> K\u00fcchenzeile (u.a. Herd mit Backofen, Abluftanlage), gro\u00dfer Esstisch (2,20 m lang, aus alten Eichenbalken auf einem Fu\u00df eines antiken Webstuhls), Holzbank mit Lammfell und 2 Designer-Drehst\u00fchle;<\/li>\n<li><strong>Schlafbereich:<\/strong> Doppelbett (Schramm-Matratzen), ma\u00dfgefertigte Einbaukleiderschr\u00e4nke,<br \/>\noffenes Bad mit Walk-in-Dusche<br \/>\nzus\u00e4tzlich (als kostenpflichtige Option) \u00fcber eine Erweiterungsm\u00f6glichkeit um ein weiteres Schlafzimmer (14 m<sup>2<\/sup>).<\/li>\n<\/ul>\n<p><strong>Preis: ab 200,00 \u20ac f\u00fcr 2 Personen pro Nacht plus Gourmetfr\u00fchst\u00fcck 19,50 \u20ac pro Person und Tag\/ (bei<span style=\"color: #000000;\"> einem Mindestaufenthalt von zwei Tagen).<\/span><\/strong><\/p>\n\n\t\t<style type=\"text\/css\">\n\t\t\t#gallery-1 {\n\t\t\t\tmargin: auto;\n\t\t\t}\n\t\t\t#gallery-1 .gallery-item {\n\t\t\t\tfloat: left;\n\t\t\t\tmargin-top: 10px;\n\t\t\t\ttext-align: center;\n\t\t\t\twidth: 33%;\n\t\t\t}\n\t\t\t#gallery-1 img {\n\t\t\t\tborder: 2px solid #cfcfcf;\n\t\t\t}\n\t\t\t#gallery-1 .gallery-caption {\n\t\t\t\tmargin-left: 0;\n\t\t\t}\n\t\t\t\/* see gallery_shortcode() in wp-includes\/media.php *\/\n\t\t<\/style>\n\t\t<div id='gallery-1' class='gallery galleryid-5294 gallery-columns-3 gallery-size-thumbnail'><dl class='gallery-item'>\n\t\t\t<dt class='gallery-icon landscape'>\n\t\t\t\t<a href='https:\/\/www.julius-pfalz.de\/?attachment_id=5322'><img width=\"150\" height=\"150\" src=\"https:\/\/www.julius-pfalz.de\/wp-content\/uploads\/2017\/11\/z8_sofa-150x150.png\" class=\"attachment-thumbnail size-thumbnail\" alt=\"\" decoding=\"async\" loading=\"lazy\" \/><\/a>\n\t\t\t<\/dt><\/dl><dl class='gallery-item'>\n\t\t\t<dt class='gallery-icon portrait'>\n\t\t\t\t<a href='https:\/\/www.julius-pfalz.de\/?attachment_id=5335'><img width=\"150\" height=\"150\" src=\"https:\/\/www.julius-pfalz.de\/wp-content\/uploads\/2017\/11\/z8_bett-150x150.png\" class=\"attachment-thumbnail size-thumbnail\" alt=\"\" decoding=\"async\" loading=\"lazy\" \/><\/a>\n\t\t\t<\/dt><\/dl><dl class='gallery-item'>\n\t\t\t<dt class='gallery-icon landscape'>\n\t\t\t\t<a href='https:\/\/www.julius-pfalz.de\/?attachment_id=5163'><img width=\"150\" height=\"150\" src=\"https:\/\/www.julius-pfalz.de\/wp-content\/uploads\/2016\/12\/app8_kochen-150x150.png\" class=\"attachment-thumbnail size-thumbnail\" alt=\"\" decoding=\"async\" loading=\"lazy\" aria-describedby=\"gallery-1-5163\" \/><\/a>\n\t\t\t<\/dt>\n\t\t\t\t<dd class='wp-caption-text gallery-caption' id='gallery-1-5163'>\n\t\t\t\tkochen im Appartement 8\n\t\t\t\t<\/dd><\/dl><br style=\"clear: both\" \/><dl class='gallery-item'>\n\t\t\t<dt class='gallery-icon landscape'>\n\t\t\t\t<a href='https:\/\/www.julius-pfalz.de\/?attachment_id=5321'><img width=\"150\" height=\"150\" src=\"https:\/\/www.julius-pfalz.de\/wp-content\/uploads\/2017\/11\/Pgrundriss_8-150x150.png\" class=\"attachment-thumbnail size-thumbnail\" alt=\"\" decoding=\"async\" loading=\"lazy\" \/><\/a>\n\t\t\t<\/dt><\/dl><dl class='gallery-item'>\n\t\t\t<dt class='gallery-icon landscape'>\n\t\t\t\t<a href='https:\/\/www.julius-pfalz.de\/?attachment_id=5336'><img width=\"150\" height=\"150\" src=\"https:\/\/www.julius-pfalz.de\/wp-content\/uploads\/2017\/11\/z8_tisch2-150x150.png\" class=\"attachment-thumbnail size-thumbnail\" alt=\"\" decoding=\"async\" loading=\"lazy\" \/><\/a>\n\t\t\t<\/dt><\/dl><dl class='gallery-item'>\n\t\t\t<dt class='gallery-icon portrait'>\n\t\t\t\t<a href='https:\/\/www.julius-pfalz.de\/?attachment_id=5334'><img width=\"150\" height=\"150\" src=\"https:\/\/www.julius-pfalz.de\/wp-content\/uploads\/2017\/11\/z8_bad-150x150.png\" class=\"attachment-thumbnail size-thumbnail\" alt=\"\" decoding=\"async\" loading=\"lazy\" \/><\/a>\n\t\t\t<\/dt><\/dl><br style=\"clear: both\" \/>\n\t\t<\/div>\n\n<p><span style=\"color: #000000;\"><strong>Hinweis: Die obengenannte Preise gelten f\u00fcr Buchungen ab 2 \u00dcbernachtungen.<\/strong><\/span><\/p>\n<hr \/>\n","protected":false},"excerpt":{"rendered":"<p>JULIUS in der PFALZ verf\u00fcgt \u00fcber 3 Hotelzimmer, 4 Appartements und &#8211; als Top-Appartement &#8211;\u00a0 unser &#8222;Studio&#8220;. Appartement \u201e8\u201c- Studio (61 m2) Lage: im 1. OG \u00fcber Laden und Kochwerkstatt (dem Winzerhaus gegen\u00fcber) Ausstattung: Wohnbereich: (Schlaf-)Sofa und zwei Sessel mit &hellip; <a href=\"https:\/\/www.julius-pfalz.de\/?page_id=5294\">Weiterlesen <span class=\"meta-nav\">&rarr;<\/span><\/a><\/p>\n","protected":false},"author":1,"featured_media":0,"parent":0,"menu_order":0,"comment_status":"closed","ping_status":"closed","template":"","meta":[],"_links":{"self":[{"href":"https:\/\/www.julius-pfalz.de\/index.php?rest_route=\/wp\/v2\/pages\/5294"}],"collection":[{"href":"https:\/\/www.julius-pfalz.de\/index.php?rest_route=\/wp\/v2\/pages"}],"about":[{"href":"https:\/\/www.julius-pfalz.de\/index.php?rest_route=\/wp\/v2\/types\/page"}],"author":[{"embeddable":true,"href":"https:\/\/www.julius-pfalz.de\/index.php?rest_route=\/wp\/v2\/users\/1"}],"replies":[{"embeddable":true,"href":"https:\/\/www.julius-pfalz.de\/index.php?rest_route=%2Fwp%2Fv2%2Fcomments&post=5294"}],"version-history":[{"count":34,"href":"https:\/\/www.julius-pfalz.de\/index.php?rest_route=\/wp\/v2\/pages\/5294\/revisions"}],"predecessor-version":[{"id":9227,"href":"https:\/\/www.julius-pfalz.de\/index.php?rest_route=\/wp\/v2\/pages\/5294\/revisions\/9227"}],"wp:attachment":[{"href":"https:\/\/www.julius-pfalz.de\/index.php?rest_route=%2Fwp%2Fv2%2Fmedia&parent=5294"}],"curies":[{"name":"wp","href":"https:\/\/api.w.org\/{rel}","templated":true}]}}